{"id":1965,"date":"2023-02-14T15:25:01","date_gmt":"2023-02-14T14:25:01","guid":{"rendered":"https:\/\/www.kaul-foerdertechnik.de\/privacy-policy\/"},"modified":"2024-08-06T08:31:51","modified_gmt":"2024-08-06T06:31:51","slug":"privacy-policy","status":"publish","type":"page","link":"https:\/\/www.kaul-foerdertechnik.de\/en\/privacy-policy\/","title":{"rendered":"Privacy Policy"},"content":{"rendered":"\n<h4 class=\"wp-block-heading\">Pr\u00e4ambel<\/h4>\n\n<p>Als Betreiber der Webseite www.kaul-foerdertechnik.de nehmen wir den Schutz Ihrer pers\u00f6nlichen Daten sehr ernst. Wir behandeln Ihre personenbezogenen Daten vertraulich und entsprechend der gesetzlichen Datenschutzvorschriften sowie dieser Datenschutzerkl\u00e4rung. <\/p>\n\n<p>Die hier erhobenen Daten werden in unserem Verantwortungsbereich entsprechend den Vorschriften der Europ\u00e4ischen Datenschutz- Grundverordnung (DSGVO) und in \u00dcbereinstimmung mit den f\u00fcr uns geltenden landesspezifischen Datenschutzbestimmungen wie das Bundesdatenschutzgesetzes (BDSG) und des Telemediengesetzes (TMG) behandelt.<\/p>\n\n<p>Im gesetzlichen Datenschutz gilt grunds\u00e4tzlich, dass eine Verarbeitung personenbezogener Daten grunds\u00e4tzlich rechtswidrig ist, es sei denn, es liegt eine Einwilligung des Betroffenen vor oder sie wird durch einen gesetzlich geregelten Erlaubnisgrund legitimiert (Erlaubnisvorbehalt). Nach der g\u00fcltigen Regelung sind wir verpflichtet, Sie \u00fcber die Rechtsgrundlagen der Datenverarbeitung zu informieren. <\/p>\n\n<h4 class=\"wp-block-heading\">Datenerhebung und Verarbeitung<\/h4>\n\n<p>Die Nutzung der Website www.kaul-foerdertechnik.de ist grunds\u00e4tzlich auch ohne die bewu\u00dfte Angabe personenbezogener Daten m\u00f6glich.<\/p>\n\n<p>Grunds\u00e4tzlich verarbeiten wir Ihre personenbezogenen Daten nur, soweit dies zur Bereitstellung unserer Online-Angebote, Inhalte und Leistungen erforderlich ist. Im Falle des Datenaustausches verwenden wir Ihre Daten nur zur Abwicklung mit Ihnen geschlossener Vertr\u00e4ge, f\u00fcr die technische Administration oder zur Beantwortung Ihrer Anfragen, z. B. zu einem Angebot. Die Erhebung und Verwendung Ihrer personenbezogenen Daten erfolgt regelm\u00e4\u00dfig nur nach einer Einwilligung oder wenn die Verarbeitung der Daten durch gesetzliche Vorschriften gestattet ist.  <\/p>\n\n<p>Dar\u00fcber hinaus werden personenbezogene Daten, die Sie uns freiwillig mitgeteilt haben, nur so lange gespeichert, bis der Zweck erf\u00fcllt ist, zu dem sie uns anvertraut wurden.<\/p>\n\n<p>Unsere Mitarbeiter\/innen sind auf Datenschutz, Vertraulichkeit, Verschwiegenheit und Geheimhaltung verpflichtet. Die Weitergabe an andere Firmen oder private\/staatliche Datensammlungen erfolgt nicht. Generell findet eine Weitergabe an Dritte ohne Information und ihre &#8211; auch stillschweigende &#8211; Zustimmung, nicht statt.  <\/p>\n\n<p>Sie k\u00f6nnen jederzeit die Erlaubnis f\u00fcr die Nutzung, Verarbeitung und Weitergabe Ihrer Daten widerrufen, indem Sie uns eine entsprechende Nachricht per Post, Fax oder E-Mail zusenden.<\/p>\n\n<p>Bei der \u00dcbertragung Ihrer Daten verwenden wir dem aktuellen Stand der Technik entsprechende Verschl\u00fcsselungsverfahren (z.B. SSL) \u00fcber HTTPS um diese zu sch\u00fctzen.<\/p>\n\n<p>Wir weisen darauf hin, dass die Daten\u00fcbertragung im Internet, z. B. per per E-Mail, Sicherheitsl\u00fccken aufweisen kann und in der Regel auf Servern des Email-Providers gespeichert wird. Ein l\u00fcckenloser Schutz der Daten vor dem Zugriff durch Dritte ist nicht m\u00f6glich. <\/p>\n\n<h4 class=\"wp-block-heading\">Automatische L\u00f6schung von Daten und Speicherdauer<\/h4>\n\n<p>F\u00e4llt der Zweck der Speicherung weg, werden die personenbezogenen Daten gel\u00f6scht. Eine Speicherung kann erfolgen, wenn dies durch den europ\u00e4ischen oder nationalen Gesetzgeber vorgesehen wurde. Hierzu geh\u00f6ren z. B. Daten, die aus handels- oder steuerrechtlichen Gr\u00fcnden aufbewahrt werden. Eine Sperrung oder L\u00f6schung erfolgt sp\u00e4testens, wenn die vorgeschriebene Speicherfrist abl\u00e4uft.   <\/p>\n\n<h4 class=\"wp-block-heading\">Contact form<\/h4>\n\n<p>Wenn Sie uns ihre Daten per Email oder Kontaktformular zukommen lassen, werden Ihre Angaben aus dem Anfrageformular inklusive der von Ihnen dort angegebenen Kontaktdaten zwecks Bearbeitung der Anfrage und f\u00fcr den Fall von Anschlussfragen bei uns gespeichert. Diese Daten geben wir nicht ohne Ihre Einwilligung weiter. <\/p>\n\n<p>Folgende pers\u00f6nliche Daten werden erhoben und weiterverarbeitet:<\/p>\n\n<ul class=\"wp-block-list\">\n<li>Anrede, Vorname und Nachname<\/li>\n\n\n\n<li>ggf. Name Ihres des Unternehmens<\/li>\n\n\n\n<li>E-Mail-Adresse<\/li>\n\n\n\n<li>Telefonnummer<\/li>\n<\/ul>\n\n<p>Alle anderen Daten sind freiwillig und werden gleichbehandelt, wie die Pflichteingaben.<\/p>\n\n<h4 class=\"wp-block-heading\">Cookies<\/h4>\n\n<p>Diese Webseite verwendet teilweise so genannte Cookies. Cookies sind kleine Textdateien, die keinen Schaden anrichten und keinen Schadcode enthalten (z. B. Viren). Cookies dienen dazu, unser Angebot nutzerfreundlicher, effektiver und sicherer zu machen. Cookies werden von Ihrem Browser gespeichert. Teilweise handelt es sich bei den verwendeten Cookies um so genannte \u201eSession-Cookies\u201c. Diese werden nach Ende Ihres Besuchs automatisch gel\u00f6scht. Andere Cookies bleiben auf Ihrem Endger\u00e4t gespeichert, bis Sie diese l\u00f6schen. Diese Cookies erm\u00f6glichen es uns beispielsweise, Ihre Einstellungen f\u00fcr unsere Webseite beim n\u00e4chsten Besuch wiederzuerkennen.       <\/p>\n\n<p>Sie k\u00f6nnen Ihren Browser so einstellen, dass Sie \u00fcber das Setzen von Cookies informiert werden und Cookies nur im Einzelfall erlauben, die Annahme von Cookies f\u00fcr bestimmte F\u00e4lle oder generell ausschlie\u00dfen sowie das automatische L\u00f6schen der Cookies beim Schlie\u00dfen des Browsers aktivieren. Bei der Deaktivierung von Cookies kann die Funktionalit\u00e4t dieser Website allerdings eingeschr\u00e4nkt sein. <\/p>\n\n<h4 class=\"wp-block-heading\">Social-Media-Buttons<\/h4>\n\n<p>Zum Teilen unserer Webseiten-Inhalte \u00fcber soziale Netzwerke bieten wir sogenannte Social-Media-Buttons an. Hierf\u00fcr stellen wir datenschutzkonforme Social-Media-Buttons zur Verf\u00fcgung, die ohne eine Interaktion Ihrerseits keine personenbezogenen Daten an die sozialen Netzwerke weitergeben. <\/p>\n\n<h4 class=\"wp-block-heading\">Serverdaten<\/h4>\n\n<p>Aus technischen Gr\u00fcnden werden u. a. folgende Daten, die Ihr Internet-Browser an uns bzw. an unseren Webspace-Provider \u00fcbermittelt, erfasst (sogenannte Server-Logfiles):<\/p>\n\n<ul class=\"wp-block-list\">\n<li>Browsertyp und -version<\/li>\n\n\n\n<li>verwendetes Betriebssystem<\/li>\n\n\n\n<li>Webseite, von der aus Sie uns besuchen (Referrer URL)<\/li>\n\n\n\n<li>Webseite, die Sie besuchen<\/li>\n\n\n\n<li>Datum und Uhrzeit Ihres Zugriffs<\/li>\n\n\n\n<li>Ihre Internet Protokoll (IP)-Adresse.<\/li>\n<\/ul>\n\n<p>Diese Daten sind anonym und werden getrennt von Ihren eventuell angegebenen personenbezogenen Daten gespeichert. Damit sind keine R\u00fcckschl\u00fcsse auf eine bestimmte Person m\u00f6glich. Sie werden lediglich zu statistischen Zwecken ausgewertet, um unseren Internetauftritt und unsere Angebote optimieren zu k\u00f6nnen.  <\/p>\n\n<h4 class=\"wp-block-heading\">Weitergabe personenbezogener Daten an Dritte und Auftragsverarbeiter<\/h4>\n\n<p>Wir geben grunds\u00e4tzlich ohne ausdr\u00fcckliches Einverst\u00e4ndnis keine personenbezogenen Daten an Dritte weiter. Sofern dies doch der Fall ist, erfolgt es ausschlie\u00dflich auf Grundlage einer der genannten Rechtsgrundlagen. Wir \u00fcbermitteln Daten z. B. an Zahlungsdienstleister, wenn dies zur Vertragserf\u00fcllung erforderlich ist. Sollten wir gesetzlich oder per Gerichtsbeschluss angehalten werden, Daten an auskunftsberechtigte Stellen zu \u00fcbermitteln, sind wir verpflichtet, diesem Verlangen nachzukommen.   <\/p>\n\n<p>Sollten im Rahmen einer sogenannten Auftragsverarbeitung Daten an Dienstleister weitergegeben werden, so erfolgt dies auf Grundlage des Art. 28 DSGVO. Unsere Auftragsverarbeiter sind sorgf\u00e4ltig ausgew\u00e4hlt, sind an unsere Weisungen gebunden und werden regelm\u00e4\u00dfig von uns kontrolliert. Wir beauftragen nur solche Auftragsverarbeiter, die hinreichend Garantien daf\u00fcr bieten, dass geeignete technische und organisatorische Ma\u00dfnahmen so getroffen werden, dass die Verarbeitung im Einklang mit den Anforderungen von DSGVO und BDSG-neu erfolgt und den Schutz Ihrer Rechte gew\u00e4hrleistet.  <\/p>\n\n<h4 class=\"wp-block-heading\">Datenschutzerkl\u00e4rung f\u00fcr die Nutzung von Google Analytics<\/h4>\n\n<p>Diese Website benutzt Google Analytics, einen Webanalysedienst der Google Inc. (\u201cGoogle\u201d). Google Analytics verwendet sog. \u201cCookies\u201d, Textdateien, die auf Ihrem Computer gespeichert werden und die eine Analyse der Benutzung der Website durch Sie erm\u00f6glichen. Die durch den Cookie erzeugten Informationen \u00fcber Ihre Benutzung dieser Website werden in der Regel an einen Server von Google in den USA \u00fcbertragen und dort gespeichert. Im Falle der Aktivierung der IP-Anonymisierung auf dieser Webseite wird Ihre IP-Adresse von Google jedoch innerhalb von Mitgliedstaaten der Europ\u00e4ischen Union oder in anderen Vertragsstaaten des Abkommens \u00fcber den Europ\u00e4ischen Wirtschaftsraum zuvor gek\u00fcrzt.    <\/p>\n\n<p>Nur in Ausnahmef\u00e4llen wird die volle IP-Adresse an einen Server von Google in den USA \u00fcbertragen und dort gek\u00fcrzt. Im Auftrag des Betreibers dieser Website wird Google diese Informationen benutzen, um Ihre Nutzung der Website auszuwerten, um Reports \u00fcber die Websiteaktivit\u00e4ten zusammenzustellen und um weitere mit der Websitenutzung und der Internetnutzung verbundene Dienstleistungen gegen\u00fcber dem Websitebetreiber zu erbringen. Die im Rahmen von Google Analytics von Ihrem Browser \u00fcbermittelte IP-Adresse wird nicht mit anderen Daten von Google zusammengef\u00fchrt.  <\/p>\n\n<p>Sie k\u00f6nnen die Speicherung der Cookies durch eine entsprechende Einstellung Ihrer Browser-Software verhindern; wir weisen Sie jedoch darauf hin, dass Sie in diesem Fall gegebenenfalls nicht s\u00e4mtliche Funktionen dieser Website vollumf\u00e4nglich werden nutzen k\u00f6nnen. Sie k\u00f6nnen dar\u00fcber hinaus die Erfassung der durch das Cookie erzeugten und auf Ihre Nutzung der Website bezogenen Daten (inkl. Ihrer IP-Adresse) an Google sowie die Verarbeitung dieser Daten durch Google verhindern, indem sie das unter dem folgenden Link verf\u00fcgbare Browser-Plugin herunterladen und installieren: <a href=\"http:\/\/tools.google.com\/dlpage\/gaoptout?hl=de\" target=\"_blank\" rel=\"noreferrer noopener\">http:\/\/tools.google.com\/dlpage\/gaoptout?hl=de<\/a>. <\/p>\n\n<p>Diese Webseite nutzt nicht die Funktion \u201cdemografische Merkmale\u201d von Google Analytics.<\/p>\n\n<h4 class=\"wp-block-heading\">Ausschluss von Datenmissbrauch<\/h4>\n\n<p>Der Nutzung von im Rahmen der Impressumspflicht ver\u00f6ffentlichten Kontaktdaten durch Dritte zur \u00dcbersendung von nicht ausdr\u00fccklich angeforderter Werbung und Informationsmaterialien wird hiermit ausdr\u00fccklich widersprochen. Die Betreiber der Seiten behalten sich ausdr\u00fccklich rechtliche Schritte im Falle der unverlangten Zusendung von Werbeinformationen, etwa durch Spam-Mails, vor. <\/p>\n\n<h4 class=\"wp-block-heading\">Nutzung durch Kinder<\/h4>\n\n<p>Unser Angebot richtet sich grunds\u00e4tzlich an Personen \u00fcber 16 Jahren. J\u00fcngere Personen d\u00fcrfen ohne Zustimmung der Eltern oder Erziehungsberechtigten keine personenbezogenen Daten an uns \u00fcbermitteln. <\/p>\n\n<h4 class=\"wp-block-heading\">Auskunft, L\u00f6schung, Sperrung<\/h4>\n\n<p>Sie haben jederzeit das Recht auf Widerruf einer erteilten datenschutzrechtlichen Einwilligungserkl\u00e4rung. Durch den Widerruf wird die Rechtm\u00e4\u00dfigkeit der aufgrund der Einwilligung bis zum Widerruf erfolgten Verarbeitung nicht ber\u00fchrt. <\/p>\n\n<p>Sie haben jederzeit das Recht auf unentgeltliche Auskunft \u00fcber Ihre gespeicherten personenbezogenen Daten, deren Herkunft und Empf\u00e4nger und den Zweck der Datenverarbeitung sowie ein Recht auf Berichtigung, Sperrung oder L\u00f6schung dieser Daten.<\/p>\n\n<p>Wir stellen Ihnen innerhalb eines Monats nach Eingang Ihres Auskunftsersuchens eine Kopie der personenbezogenen Daten zur Verf\u00fcgung. F\u00fcr alle weiteren Kopien, die Sie beantragen, k\u00f6nnen wir ein angemessenes Entgelt auf der Grundlage der Verwaltungskosten verlangen. Stellen Sie den Antrag elektronisch, werden wir Ihnen die Informationen in einem g\u00e4ngigen elektronischen Format zur Verf\u00fcgung stellen, sofern Sie nichts anderes anfordern.  <\/p>\n\n<p>Sie haben weiterhin das Recht, von uns unverz\u00fcglich die Berichtigung oder Vervollst\u00e4ndigung Ihrer personenbezogenen Daten zu verlangen, falls diese unrichtig sind.<\/p>\n\n<p>Sie haben das Recht, von uns zu verlangen, Ihre personenbezogene Daten unverz\u00fcglich zu l\u00f6schen. Hierzu sowie zu weiteren Fragen zum Thema personenbezogene Daten k\u00f6nnen Sie sich jederzeit \u00fcber die im angegebe Adresse im Impressum, sowie direkt an unseren Datenschutzbeauftragten wenden: <\/p>\n\n<p>E-Mail: info (at ) kaul-foerdertechnik.de<br\/><strong>Datenschutzbeauftragter f\u00fcr dieses Webangebot:<\/strong> Herr Kuno Kaul<\/p>\n\n<h4 class=\"wp-block-heading\">\u00c4nderungen<\/h4>\n\n<p>Anpassungen unserer Datenschutzerkl\u00e4rung k\u00f6nnen zuk\u00fcnftig erforderlich sein. Sie werden an dieser Stelle \u00fcber die Neuerungen informiert. <\/p>\n","protected":false},"excerpt":{"rendered":"Pr\u00e4ambel Als Betreiber der Webseite www.kaul-foerdertechnik.de nehmen wir den Schutz Ihrer pers\u00f6nlichen Daten sehr ernst. [&hellip;]","protected":false},"author":1,"featured_media":0,"parent":0,"menu_order":8,"comment_status":"closed","ping_status":"open","template":"","meta":{"_acf_changed":false,"footnotes":""},"class_list":["post-1965","page","type-page","status-publish","hentry"],"acf":[],"yoast_head":"<!-- This site is optimized with the Yoast SEO plugin v27.3 - https:\/\/yoast.com\/product\/yoast-seo-wordpress\/ -->\n<title>Privacy Policy - KAUL F\u00f6rdertechnik GmbH<\/title>\n<meta name=\"robots\" content=\"index, follow, max-snippet:-1, max-image-preview:large, max-video-preview:-1\" \/>\n<link rel=\"canonical\" href=\"https:\/\/www.kaul-foerdertechnik.de\/en\/privacy-policy\/\" \/>\n<meta property=\"og:locale\" content=\"en_US\" \/>\n<meta property=\"og:type\" content=\"article\" \/>\n<meta property=\"og:title\" content=\"Privacy Policy - KAUL F\u00f6rdertechnik GmbH\" \/>\n<meta property=\"og:description\" content=\"Pr\u00e4ambel Als Betreiber der Webseite www.kaul-foerdertechnik.de nehmen wir den Schutz Ihrer pers\u00f6nlichen Daten sehr ernst. [&hellip;]\" \/>\n<meta property=\"og:url\" content=\"https:\/\/www.kaul-foerdertechnik.de\/en\/privacy-policy\/\" \/>\n<meta property=\"og:site_name\" content=\"KAUL F\u00f6rdertechnik GmbH\" \/>\n<meta property=\"article:publisher\" content=\"https:\/\/www.facebook.com\/kaul.foerdertechnik\" \/>\n<meta property=\"article:modified_time\" content=\"2024-08-06T06:31:51+00:00\" \/>\n<meta name=\"twitter:card\" content=\"summary_large_image\" \/>\n<meta name=\"twitter:label1\" content=\"Est. reading time\" \/>\n\t<meta name=\"twitter:data1\" content=\"8 minutes\" \/>\n<script type=\"application\/ld+json\" class=\"yoast-schema-graph\">{\"@context\":\"https:\\\/\\\/schema.org\",\"@graph\":[{\"@type\":\"WebPage\",\"@id\":\"https:\\\/\\\/www.kaul-foerdertechnik.de\\\/en\\\/privacy-policy\\\/\",\"url\":\"https:\\\/\\\/www.kaul-foerdertechnik.de\\\/en\\\/privacy-policy\\\/\",\"name\":\"Privacy Policy - KAUL F\u00f6rdertechnik GmbH\",\"isPartOf\":{\"@id\":\"https:\\\/\\\/www.kaul-foerdertechnik.de\\\/en\\\/#website\"},\"datePublished\":\"2023-02-14T14:25:01+00:00\",\"dateModified\":\"2024-08-06T06:31:51+00:00\",\"breadcrumb\":{\"@id\":\"https:\\\/\\\/www.kaul-foerdertechnik.de\\\/en\\\/privacy-policy\\\/#breadcrumb\"},\"inLanguage\":\"en-US\",\"potentialAction\":[{\"@type\":\"ReadAction\",\"target\":[\"https:\\\/\\\/www.kaul-foerdertechnik.de\\\/en\\\/privacy-policy\\\/\"]}]},{\"@type\":\"BreadcrumbList\",\"@id\":\"https:\\\/\\\/www.kaul-foerdertechnik.de\\\/en\\\/privacy-policy\\\/#breadcrumb\",\"itemListElement\":[{\"@type\":\"ListItem\",\"position\":1,\"name\":\"Startseite\",\"item\":\"https:\\\/\\\/www.kaul-foerdertechnik.de\\\/en\\\/homepage\\\/\"},{\"@type\":\"ListItem\",\"position\":2,\"name\":\"Privacy Policy\"}]},{\"@type\":\"WebSite\",\"@id\":\"https:\\\/\\\/www.kaul-foerdertechnik.de\\\/en\\\/#website\",\"url\":\"https:\\\/\\\/www.kaul-foerdertechnik.de\\\/en\\\/\",\"name\":\"KAUL F\u00f6rdertechnik GmbH\",\"description\":\"F\u00f6rdertechnik &amp; F\u00f6rdersysteme\",\"publisher\":{\"@id\":\"https:\\\/\\\/www.kaul-foerdertechnik.de\\\/en\\\/#organization\"},\"potentialAction\":[{\"@type\":\"SearchAction\",\"target\":{\"@type\":\"EntryPoint\",\"urlTemplate\":\"https:\\\/\\\/www.kaul-foerdertechnik.de\\\/en\\\/?s={search_term_string}\"},\"query-input\":{\"@type\":\"PropertyValueSpecification\",\"valueRequired\":true,\"valueName\":\"search_term_string\"}}],\"inLanguage\":\"en-US\"},{\"@type\":\"Organization\",\"@id\":\"https:\\\/\\\/www.kaul-foerdertechnik.de\\\/en\\\/#organization\",\"name\":\"Kaul F\u00f6rdertechnik GmbH\",\"alternateName\":\"Kaul F\u00f6rdertechnik GmbH\",\"url\":\"https:\\\/\\\/www.kaul-foerdertechnik.de\\\/en\\\/\",\"logo\":{\"@type\":\"ImageObject\",\"inLanguage\":\"en-US\",\"@id\":\"https:\\\/\\\/www.kaul-foerdertechnik.de\\\/en\\\/#\\\/schema\\\/logo\\\/image\\\/\",\"url\":\"https:\\\/\\\/www.kaul-foerdertechnik.de\\\/wp-content\\\/uploads\\\/screenshot.png\",\"contentUrl\":\"https:\\\/\\\/www.kaul-foerdertechnik.de\\\/wp-content\\\/uploads\\\/screenshot.png\",\"width\":1200,\"height\":900,\"caption\":\"Kaul F\u00f6rdertechnik GmbH\"},\"image\":{\"@id\":\"https:\\\/\\\/www.kaul-foerdertechnik.de\\\/en\\\/#\\\/schema\\\/logo\\\/image\\\/\"},\"sameAs\":[\"https:\\\/\\\/www.facebook.com\\\/kaul.foerdertechnik\"]}]}<\/script>\n<!-- \/ Yoast SEO plugin. -->","yoast_head_json":{"title":"Privacy Policy - KAUL F\u00f6rdertechnik GmbH","robots":{"index":"index","follow":"follow","max-snippet":"max-snippet:-1","max-image-preview":"max-image-preview:large","max-video-preview":"max-video-preview:-1"},"canonical":"https:\/\/www.kaul-foerdertechnik.de\/en\/privacy-policy\/","og_locale":"en_US","og_type":"article","og_title":"Privacy Policy - KAUL F\u00f6rdertechnik GmbH","og_description":"Pr\u00e4ambel Als Betreiber der Webseite www.kaul-foerdertechnik.de nehmen wir den Schutz Ihrer pers\u00f6nlichen Daten sehr ernst. [&hellip;]","og_url":"https:\/\/www.kaul-foerdertechnik.de\/en\/privacy-policy\/","og_site_name":"KAUL F\u00f6rdertechnik GmbH","article_publisher":"https:\/\/www.facebook.com\/kaul.foerdertechnik","article_modified_time":"2024-08-06T06:31:51+00:00","twitter_card":"summary_large_image","twitter_misc":{"Est. reading time":"8 minutes"},"schema":{"@context":"https:\/\/schema.org","@graph":[{"@type":"WebPage","@id":"https:\/\/www.kaul-foerdertechnik.de\/en\/privacy-policy\/","url":"https:\/\/www.kaul-foerdertechnik.de\/en\/privacy-policy\/","name":"Privacy Policy - KAUL F\u00f6rdertechnik GmbH","isPartOf":{"@id":"https:\/\/www.kaul-foerdertechnik.de\/en\/#website"},"datePublished":"2023-02-14T14:25:01+00:00","dateModified":"2024-08-06T06:31:51+00:00","breadcrumb":{"@id":"https:\/\/www.kaul-foerdertechnik.de\/en\/privacy-policy\/#breadcrumb"},"inLanguage":"en-US","potentialAction":[{"@type":"ReadAction","target":["https:\/\/www.kaul-foerdertechnik.de\/en\/privacy-policy\/"]}]},{"@type":"BreadcrumbList","@id":"https:\/\/www.kaul-foerdertechnik.de\/en\/privacy-policy\/#breadcrumb","itemListElement":[{"@type":"ListItem","position":1,"name":"Startseite","item":"https:\/\/www.kaul-foerdertechnik.de\/en\/homepage\/"},{"@type":"ListItem","position":2,"name":"Privacy Policy"}]},{"@type":"WebSite","@id":"https:\/\/www.kaul-foerdertechnik.de\/en\/#website","url":"https:\/\/www.kaul-foerdertechnik.de\/en\/","name":"KAUL F\u00f6rdertechnik GmbH","description":"F\u00f6rdertechnik &amp; F\u00f6rdersysteme","publisher":{"@id":"https:\/\/www.kaul-foerdertechnik.de\/en\/#organization"},"potentialAction":[{"@type":"SearchAction","target":{"@type":"EntryPoint","urlTemplate":"https:\/\/www.kaul-foerdertechnik.de\/en\/?s={search_term_string}"},"query-input":{"@type":"PropertyValueSpecification","valueRequired":true,"valueName":"search_term_string"}}],"inLanguage":"en-US"},{"@type":"Organization","@id":"https:\/\/www.kaul-foerdertechnik.de\/en\/#organization","name":"Kaul F\u00f6rdertechnik GmbH","alternateName":"Kaul F\u00f6rdertechnik GmbH","url":"https:\/\/www.kaul-foerdertechnik.de\/en\/","logo":{"@type":"ImageObject","inLanguage":"en-US","@id":"https:\/\/www.kaul-foerdertechnik.de\/en\/#\/schema\/logo\/image\/","url":"https:\/\/www.kaul-foerdertechnik.de\/wp-content\/uploads\/screenshot.png","contentUrl":"https:\/\/www.kaul-foerdertechnik.de\/wp-content\/uploads\/screenshot.png","width":1200,"height":900,"caption":"Kaul F\u00f6rdertechnik GmbH"},"image":{"@id":"https:\/\/www.kaul-foerdertechnik.de\/en\/#\/schema\/logo\/image\/"},"sameAs":["https:\/\/www.facebook.com\/kaul.foerdertechnik"]}]}},"_links":{"self":[{"href":"https:\/\/www.kaul-foerdertechnik.de\/en\/wp-json\/wp\/v2\/pages\/1965","targetHints":{"allow":["GET"]}}],"collection":[{"href":"https:\/\/www.kaul-foerdertechnik.de\/en\/wp-json\/wp\/v2\/pages"}],"about":[{"href":"https:\/\/www.kaul-foerdertechnik.de\/en\/wp-json\/wp\/v2\/types\/page"}],"author":[{"embeddable":true,"href":"https:\/\/www.kaul-foerdertechnik.de\/en\/wp-json\/wp\/v2\/users\/1"}],"replies":[{"embeddable":true,"href":"https:\/\/www.kaul-foerdertechnik.de\/en\/wp-json\/wp\/v2\/comments?post=1965"}],"version-history":[{"count":1,"href":"https:\/\/www.kaul-foerdertechnik.de\/en\/wp-json\/wp\/v2\/pages\/1965\/revisions"}],"predecessor-version":[{"id":1966,"href":"https:\/\/www.kaul-foerdertechnik.de\/en\/wp-json\/wp\/v2\/pages\/1965\/revisions\/1966"}],"wp:attachment":[{"href":"https:\/\/www.kaul-foerdertechnik.de\/en\/wp-json\/wp\/v2\/media?parent=1965"}],"curies":[{"name":"wp","href":"https:\/\/api.w.org\/{rel}","templated":true}]}}